{"id":632,"date":"2025-05-15T08:58:46","date_gmt":"2025-05-15T08:58:46","guid":{"rendered":"https:\/\/www.zkf.zgorzelec.pl\/index.php\/przetwarzanie-danych\/"},"modified":"2025-05-15T08:58:47","modified_gmt":"2025-05-15T08:58:47","slug":"przetwarzanie-danych","status":"publish","type":"page","link":"https:\/\/www.zkf.zgorzelec.pl\/index.php\/przetwarzanie-danych\/","title":{"rendered":"Przetwarzanie danych"},"content":{"rendered":"\n  \n    <section class=\"u-clearfix u-section-1\" id=\"block-1\">\n      <div class=\"u-clearfix u-sheet u-valign-top-lg u-valign-top-md u-valign-top-sm u-valign-top-xs u-sheet-1\">\n        <img decoding=\"async\" class=\"u-expanded-width u-image u-image-default u-image-1\" src=\"https:\/\/www.zkf.zgorzelec.pl\/wp-content\/uploads\/2025\/05\/banneroprojkecie-10.png\" alt=\"\" data-image-width=\"1381\" data-image-height=\"649\">\n        <h3 class=\"u-text u-text-1\">Informacja o przetwarzaniu danych osobowych<\/h3>\n        <p class=\"u-text u-text-2\">1. Administratorem Pa\u0144stwa danych osobowych jest Muzeum \u0141u\u017cyckie w Zgorzelcu, zarejestrowane w rejestrze instytucji kultury miasta Zgorzelec pod numerem 3.  Poni\u017cej znajd\u0105 Pa\u0144stwo wszelkie niezb\u0119dne informacje dotycz\u0105ce przetwarzania Pa\u0144stwa danych osobowych w zwi\u0105zku z realizacj\u0105 zawartej z Pa\u0144stwem umowy oraz w celu jej nale\u017cytego wykonania.<br>\n          <br>&nbsp;2. Dane osobowe przetwarzane s\u0105 na podstawie zgody, na podstawie prawnie uzasadnionego interesu Administratora w celu realizacji Zgorzeleckiego Konwentu Fantastycznego , rejestracji prelegent\u00f3w i uczestnik\u00f3w, a tak\u017ce kontaktu z Pa\u0144stwem w razie takiej potrzeby oraz w celu rozpatrzenia ewentualnych reklamacji czy dochodzenia roszcze\u0144. Zakres zbieranych danych to: imi\u0119 i nazwisko, data urodzenia, numer zam\u00f3wienia, adres e-mail, w przypadku wystawc\u00f3w b\u0119d\u0105cych osobami fizycznymi r\u00f3wnie\u017c numer PESEL oraz adres korespondencyjny, a w przypadku os\u00f3b prowadz\u0105cych dzia\u0142alno\u015b\u0107 gospodarcz\u0105 tak\u017ce dane identyfikacyjne (NIP, numer konta) dla cel\u00f3w rozliczenia zawartych zobowi\u0105za\u0144 i realizacji obowi\u0105zk\u00f3w prawnych i podatkowych wynikaj\u0105cych z przepis\u00f3w prawa.<br>\n          <br>&nbsp;3. Dane osobowe b\u0119d\u0105 przechowywane przez okres niezb\u0119dny dla zrealizowania cel\u00f3w, dla kt\u00f3rych zosta\u0142y zebrane oraz pod warunkiem zachowania aktualno\u015bci obowi\u0105zuj\u0105cych podstaw prawnych, b\u0105d\u017a gdy pojawi\u0142a si\u0119 nowa podstawa, w szczeg\u00f3lno\u015bci przepis prawa lub konieczno\u015b\u0107 realizacji roszcze\u0144 w post\u0119powaniu s\u0105dowym. Oznacza to r\u00f3wnie\u017c, \u017ce dane osobowe mog\u0105 by\u0107 przechowywane po zrealizowaniu umowy przez okres wymagany w odr\u0119bnych przepisach, np. do cel\u00f3w podatkowych lub ksi\u0119gowych.<br>\n          <br>&nbsp;4. Podanie danych jest dobrowolne. Niepodanie danych uniemo\u017cliwia jednak realizacj\u0119 rejestracji uczestnika, a tym samym obs\u0142ug\u0119 zam\u00f3wienia.<br>\n          <br>&nbsp;5. Pa\u0144stwa dane osobowe mog\u0105 by\u0107 przekazywane naszym partnerom w celu niezb\u0119dnym do prawid\u0142owej realizacji umowy. Dotyczy to podmiot\u00f3w prowadz\u0105cych dla nas obs\u0142ug\u0119 informatyczn\u0105 czy ksi\u0119gow\u0105, firm zajmuj\u0105cych si\u0119 dochodzeniem roszcze\u0144, po\u015brednicz\u0105cych w zamawianiu us\u0142ug kurierskich, operator\u00f3w pocztowych, firm kurierskich, serwis\u00f3w obs\u0142uguj\u0105cych druk czy serwis\u00f3w obs\u0142uguj\u0105cych p\u0142atno\u015bci internetowe, oraz us\u0142ugami ochrony. Dane osobowe wystawc\u00f3w mog\u0105 by\u0107 przekazane poza obszar EOG, do zaufanych partner\u00f3w dostarczaj\u0105cych us\u0142ugi internetowe i posiadaj\u0105cych odpowiednie certyfikaty bezpiecze\u0144stwa (Privacy Shield). O takich przypadkach wystawcy zostan\u0105 odpowiednio poinformowani.<br>\n          <br>&nbsp;6. Jako Administrator zapewniamy Pa\u0144stwu prawo dost\u0119pu do danych, \u017c\u0105dania ich sprostowania, usuni\u0119cia lub ograniczenia ich przetwarzania. Mog\u0105 Pa\u0144stwo tak\u017ce skorzysta\u0107 z uprawnienia do z\u0142o\u017cenia wobec Administratora sprzeciwu wobec przetwarzania danych oraz prawa do przenoszenia danych do innego administratora danych. W przypadku wyra\u017cenia dobrowolnej zgody przys\u0142uguje Pa\u0144stwu prawo cofni\u0119cia zgody na przetwarzanie w dowolnym momencie co nie wp\u0142ywa na zgodno\u015b\u0107 z prawem przetwarzania, kt\u00f3rego dokonano na podstawie zgody przed jej cofni\u0119ciem.<br>\n          <br>&nbsp;7. Maj\u0105 Pa\u0144stwo prawo wnie\u015b\u0107 skarg\u0119 dotycz\u0105c\u0105 przetwarzania danych osobowych do Prezesa Urz\u0119du Ochrony Danych Osobowych.<br>\n          <br>&nbsp;8. Dane osobowe nie b\u0119d\u0105 przekazane do pa\u0144stw trzecich lub organizacji mi\u0119dzynarodowych.<br>\n          <br>9. Administrator nie prowadzi dzia\u0142a\u0144 zautomatyzowanego przetwarzania danych ani profilowania.<br>\n          <br>10. W sprawach dotycz\u0105cych danych osobowych prosimy o kontakt pod adresem e-mail: zkfzgorzelec(at)gmail.com<br>\n          <br> Dane Zbierane przez stron\u0119 www Zgorzeleckiego Konwentu Fanastycznego. <br>\n          <br> 1. Informacje o niekt\u00f3rych zachowaniach u\u017cytkownik\u00f3w podlegaj\u0105 logowaniu w warstwie serwerowej. Dane te s\u0105 wykorzystywane wy\u0142\u0105cznie w celu administrowania serwisem oraz w celu zapewnienia jak najbardziej sprawnej obs\u0142ugi \u015bwiadczonych us\u0142ug hostingowych.<br>\n          <br>&nbsp;2. Przegl\u0105dane zasoby identyfikowane s\u0105 poprzez adresy URL. Ponadto zapisowi mog\u0105 podlega\u0107:<br> -czas nadej\u015bcia zapytania,<br> -czas wys\u0142ania odpowiedzi,<br> -nazw\u0119 stacji klienta \u2013 identyfikacja realizowana przez protok\u00f3\u0142 HTTP,<br> -informacje o b\u0142\u0119dach jakie nast\u0105pi\u0142y przy realizacji transakcji HTTP,<br> -adres URL strony poprzednio odwiedzanej przez u\u017cytkownika (referer link) \u2013 w przypadku gdy przej\u015bcie do Serwisu nast\u0105pi\u0142o przez odno\u015bnik,<br> -informacje o przegl\u0105darce u\u017cytkownika,<br> -Informacje o adresie IP.<br>\n          <br>&nbsp;3. Dane powy\u017csze nie s\u0105 kojarzone z konkretnymi osobami przegl\u0105daj\u0105cymi strony.<br>\n          <br>&nbsp;4. Dane powy\u017csze nie s\u0105 wykorzystywane jedynie dla cel\u00f3w administrowania serwerem.&nbsp;\n        <\/p>\n      <\/div>\n    <\/section>\n    \n    \n    \n    \n  \n","protected":false},"excerpt":{"rendered":"<p>Informacja o przetwarzaniu danych osobowych 1. Administratorem Pa\u0144stwa danych osobowych jest Muzeum \u0141u\u017cyckie w Zgorzelcu, zarejestrowane w rejestrze instytucji kultury miasta Zgorzelec pod numerem 3. Poni\u017cej znajd\u0105 Pa\u0144stwo wszelkie niezb\u0119dne informacje dotycz\u0105ce przetwarzania Pa\u0144stwa danych osobowych w zwi\u0105zku z realizacj\u0105 zawartej z Pa\u0144stwem umowy oraz w celu jej nale\u017cytego wykonania. &nbsp;2. Dane osobowe przetwarzane s\u0105 &hellip; <a href=\"https:\/\/www.zkf.zgorzelec.pl\/index.php\/przetwarzanie-danych\/\" class=\"more-link\">Continue reading<span class=\"screen-reader-text\"> &#8222;Przetwarzanie danych&#8221;<\/span><\/a><\/p>\n","protected":false},"author":1,"featured_media":0,"parent":0,"menu_order":8,"comment_status":"closed","ping_status":"closed","template":"","meta":{"footnotes":""},"class_list":["post-632","page","type-page","status-publish","hentry"],"_links":{"self":[{"href":"https:\/\/www.zkf.zgorzelec.pl\/index.php\/wp-json\/wp\/v2\/pages\/632","targetHints":{"allow":["GET"]}}],"collection":[{"href":"https:\/\/www.zkf.zgorzelec.pl\/index.php\/wp-json\/wp\/v2\/pages"}],"about":[{"href":"https:\/\/www.zkf.zgorzelec.pl\/index.php\/wp-json\/wp\/v2\/types\/page"}],"author":[{"embeddable":true,"href":"https:\/\/www.zkf.zgorzelec.pl\/index.php\/wp-json\/wp\/v2\/users\/1"}],"replies":[{"embeddable":true,"href":"https:\/\/www.zkf.zgorzelec.pl\/index.php\/wp-json\/wp\/v2\/comments?post=632"}],"version-history":[{"count":1,"href":"https:\/\/www.zkf.zgorzelec.pl\/index.php\/wp-json\/wp\/v2\/pages\/632\/revisions"}],"predecessor-version":[{"id":640,"href":"https:\/\/www.zkf.zgorzelec.pl\/index.php\/wp-json\/wp\/v2\/pages\/632\/revisions\/640"}],"wp:attachment":[{"href":"https:\/\/www.zkf.zgorzelec.pl\/index.php\/wp-json\/wp\/v2\/media?parent=632"}],"curies":[{"name":"wp","href":"https:\/\/api.w.org\/{rel}","templated":true}]}}