{"id":894,"date":"2026-08-19T11:21:26","date_gmt":"2026-08-19T09:21:26","guid":{"rendered":"https:\/\/www.zkf.zgorzelec.pl\/?page_id=894"},"modified":"2026-08-26T16:00:45","modified_gmt":"2026-08-26T14:00:45","slug":"zkf-wraca","status":"publish","type":"page","link":"https:\/\/www.zkf.zgorzelec.pl\/","title":{"rendered":"ZKF WRACA!"},"content":{"rendered":"\n    \n    <section class=\"u-carousel u-slide u-block-2146-1\" id=\"carousel-4863\" data-interval=\"5000\" data-u-ride=\"carousel\">\n      <ol class=\"u-carousel-indicators u-block-2146-2\">\n        <li data-u-target=\"#carousel-4863\" class=\"u-active u-grey-30 u-shape-circle\" style=\"width: 10px; height: 10px;\" data-u-slide-to=\"0\"><\/li>\n      <\/ol>\n      <div class=\"u-carousel-inner\" role=\"listbox\">\n        <div class=\"skrollable u-active u-align-center u-carousel-item u-clearfix u-image u-shading u-section-2-1\" data-image-width=\"693\" data-image-height=\"520\" style=\"background-image: linear-gradient(0deg, rgba(41, 46, 51, 0.7), rgba(41, 46, 51, 0.7)), url(&quot;https:\/\/www.zkf.zgorzelec.pl\/wp-content\/uploads\/2026\/08\/zkf2026.png&quot;);\">\n          <div class=\"u-clearfix u-sheet u-valign-middle u-sheet-1\">\n            <img decoding=\"async\" class=\"u-image u-image-contain u-image-default u-image-1\" src=\"https:\/\/www.zkf.zgorzelec.pl\/wp-content\/uploads\/2026\/08\/logoWhiteOrange-1.png\" alt=\"\" data-image-width=\"449\" data-image-height=\"219\">\n            <h1 class=\"u-custom-font u-font-lato u-text u-text-body-alt-color u-text-1\">Zgorzelecki KONWENT FANTASTYCZNY&nbsp;<br>\n            <\/h1>\n            <div class=\"u-border-3 u-border-white u-line u-line-horizontal u-line-1\"><\/div>\n            <h3 class=\"u-text u-text-body-alt-color u-text-2\">16 - 18.10.\u200b2026<br><span style=\"font-size: 1.5rem;\"> Miejski Dom Kultury w Zgorzelcu<\/span>\n              <br>\n            <\/h3>\n            <a href=\"https:\/\/forms.gle\/xCFwSqVP8L42zRHs8\" class=\"u-border-2 u-border-hover-palette-3-base u-border-white u-btn u-btn-round u-button-style u-none u-radius u-btn-1\">DO\u0141\u0104CZ DO NAS&nbsp;<\/a>\n            <div class=\"u-align-center-lg u-align-center-md u-align-center-sm u-align-center-xs u-align-left-xl u-social-icons u-social-icons-1\">\n              <a class=\"u-social-url\" href=\"https:\/\/fb.me\/e\/dcqPn94cx\" title=\"facebook\"><span class=\"u-icon u-icon-circle u-social-facebook u-social-icon u-icon-1\"><svg class=\"u-svg-link\" preserveAspectRatio=\"xMidYMin slice\" viewBox=\"0 0 112 112\" style=\"\"><use xlink:href=\"#svg-b467\"><\/use><\/svg><svg x=\"0px\" y=\"0px\" viewBox=\"0 0 112 112\" id=\"svg-b467\" class=\"u-svg-content\"><path d=\"M75.5,28.8H65.4c-1.5,0-4,0.9-4,4.3v9.4h13.9l-1.5,15.8H61.4v45.1H42.8V58.3h-8.8V42.4h8.8V32.2 c0-7.4,3.4-18.8,18.8-18.8h13.8v15.4H75.5z\"><\/path><\/svg><\/span>\n              <\/a>\n            <\/div>\n          <\/div>\n        <\/div>\n      <\/div>\n      <a class=\"u-absolute-vcenter u-carousel-control u-carousel-control-prev u-hidden u-text-grey-30 u-block-2146-3\" href=\"#carousel-4863\" role=\"button\" data-u-slide=\"prev\"><span aria-hidden=\"true\">\n          <svg class=\"u-svg-link\" viewBox=\"0 0 477.175 477.175\"><path d=\"M145.188,238.575l215.5-215.5c5.3-5.3,5.3-13.8,0-19.1s-13.8-5.3-19.1,0l-225.1,225.1c-5.3,5.3-5.3,13.8,0,19.1l225.1,225\n                    c2.6,2.6,6.1,4,9.5,4s6.9-1.3,9.5-4c5.3-5.3,5.3-13.8,0-19.1L145.188,238.575z\"><\/path><\/svg><\/span><span class=\"sr-only\">Previous<\/span>\n      <\/a>\n      <a class=\"u-absolute-vcenter u-carousel-control u-carousel-control-next u-hidden u-text-grey-30 u-block-2146-4\" href=\"#carousel-4863\" role=\"button\" data-u-slide=\"next\"><span aria-hidden=\"true\">\n          <svg class=\"u-svg-link\" viewBox=\"0 0 477.175 477.175\"><path d=\"M360.731,229.075l-225.1-225.1c-5.3-5.3-13.8-5.3-19.1,0s-5.3,13.8,0,19.1l215.5,215.5l-215.5,215.5\n                    c-5.3,5.3-5.3,13.8,0,19.1c2.6,2.6,6.1,4,9.5,4c3.4,0,6.9-1.3,9.5-4l225.1-225.1C365.931,242.875,365.931,234.275,360.731,229.075z\"><\/path><\/svg><\/span><span class=\"sr-only\">Nast\u0119pny<\/span>\n      <\/a>\n    <\/section>\n    \n    \n    \n  \n","protected":false},"excerpt":{"rendered":"<p>Zgorzelecki KONWENT FANTASTYCZNY&nbsp; 16 &#8211; 18.10.\u200b2026 Miejski Dom Kultury w Zgorzelcu DO\u0141\u0104CZ DO NAS&nbsp; Previous Nast\u0119pny<\/p>\n","protected":false},"author":1,"featured_media":0,"parent":0,"menu_order":0,"comment_status":"closed","ping_status":"closed","template":"","meta":{"footnotes":""},"class_list":["post-894","page","type-page","status-publish","hentry"],"_links":{"self":[{"href":"https:\/\/www.zkf.zgorzelec.pl\/index.php\/wp-json\/wp\/v2\/pages\/894","targetHints":{"allow":["GET"]}}],"collection":[{"href":"https:\/\/www.zkf.zgorzelec.pl\/index.php\/wp-json\/wp\/v2\/pages"}],"about":[{"href":"https:\/\/www.zkf.zgorzelec.pl\/index.php\/wp-json\/wp\/v2\/types\/page"}],"author":[{"embeddable":true,"href":"https:\/\/www.zkf.zgorzelec.pl\/index.php\/wp-json\/wp\/v2\/users\/1"}],"replies":[{"embeddable":true,"href":"https:\/\/www.zkf.zgorzelec.pl\/index.php\/wp-json\/wp\/v2\/comments?post=894"}],"version-history":[{"count":7,"href":"https:\/\/www.zkf.zgorzelec.pl\/index.php\/wp-json\/wp\/v2\/pages\/894\/revisions"}],"predecessor-version":[{"id":906,"href":"https:\/\/www.zkf.zgorzelec.pl\/index.php\/wp-json\/wp\/v2\/pages\/894\/revisions\/906"}],"wp:attachment":[{"href":"https:\/\/www.zkf.zgorzelec.pl\/index.php\/wp-json\/wp\/v2\/media?parent=894"}],"curies":[{"name":"wp","href":"https:\/\/api.w.org\/{rel}","templated":true}]}}